{"id":748,"date":"2020-04-17T08:49:15","date_gmt":"2020-04-17T08:49:15","guid":{"rendered":"https:\/\/www.solar-ticino.com\/tende-da-sole\/"},"modified":"2020-05-11T09:21:50","modified_gmt":"2020-05-11T09:21:50","slug":"markisen","status":"publish","type":"page","link":"https:\/\/www.solar-ticino.com\/de\/markisen\/","title":{"rendered":"MARKISEN"},"content":{"rendered":"<p><div class=\"fusion-fullwidth fullwidth-box fusion-builder-row-1 fusion-parallax-none nonhundred-percent-fullwidth non-hundred-percent-height-scrolling\" style=\"--awb-border-radius-top-left:0px;--awb-border-radius-top-right:0px;--awb-border-radius-bottom-right:0px;--awb-border-radius-bottom-left:0px;--awb-padding-top:70px;--awb-padding-bottom:601px;--awb-margin-top:0px;--awb-margin-bottom:0px;--awb-background-image:url(&quot;https:\/\/www.solar-ticino.com\/wp-content\/uploads\/2020\/04\/tende_da_sole-scaled.jpg&quot;);--awb-background-size:cover;--awb-flex-wrap:wrap;\" ><div class=\"fusion-builder-row fusion-row\"><div class=\"fusion-layout-column fusion_builder_column fusion-builder-column-0 fusion_builder_column_1_1 1_1 fusion-one-full fusion-column-first fusion-column-last\" style=\"--awb-bg-size:cover;\"><div class=\"fusion-column-wrapper fusion-column-has-shadow fusion-flex-column-wrapper-legacy\"><div class=\"fusion-clearfix\"><\/div><\/div><\/div><\/div><\/div><div class=\"fusion-fullwidth fullwidth-box fusion-builder-row-2 nonhundred-percent-fullwidth non-hundred-percent-height-scrolling fusion-no-small-visibility\" style=\"--awb-background-position:center bottom;--awb-border-radius-top-left:0px;--awb-border-radius-top-right:0px;--awb-border-radius-bottom-right:0px;--awb-border-radius-bottom-left:0px;--awb-padding-top:90px;--awb-padding-bottom:90px;--awb-margin-bottom:0px;--awb-flex-wrap:wrap;\" ><div class=\"fusion-builder-row fusion-row\"><div class=\"fusion-layout-column fusion_builder_column fusion-builder-column-1 fusion_builder_column_1_2 1_2 fusion-one-half fusion-column-first fusion-animated\" style=\"--awb-padding-top:40px;--awb-padding-right:50px;--awb-padding-bottom:20px;--awb-padding-left:20px;--awb-bg-image:linear-gradient(180deg, #f6a800 0%,#f6a800 100%);--awb-bg-size:cover;--awb-margin-top:-150px;width:50%;width:calc(50% - ( ( 8% ) * 0.5 ) );margin-right: 8%;\" data-animationType=\"fadeInLeft\" data-animationDuration=\"0.8\" data-animationOffset=\"top-into-view\"><div class=\"fusion-column-wrapper fusion-column-has-shadow fusion-flex-column-wrapper-legacy\"><div class=\"fusion-content-boxes content-boxes columns row fusion-columns-1 fusion-columns-total-1 fusion-content-boxes-1 content-boxes-clean-horizontal content-left content-boxes-icon-on-side\" style=\"--awb-body-color:#ffffff;--awb-title-color:#333333;--awb-iconcolor:#f6a800;--awb-margin-bottom:0px;--awb-hover-accent-color:#ffffff;--awb-circle-hover-accent-color:#ffffff;--awb-item-margin-bottom:40px;\" data-animationOffset=\"top-into-view\"><div style=\"--awb-backgroundcolor:rgba(255,255,255,0);--awb-iconcolor:#f6a800;--awb-content-padding-left:70px;border-color:rgba(255,255,255,0);\" class=\"fusion-column content-box-column content-box-column content-box-column-1 col-lg-12 col-md-12 col-sm-12 fusion-content-box-hover content-box-column-last content-box-column-last-in-row\"><div class=\"col content-box-wrapper content-wrapper link-area-link-icon icon-hover-animation-none\" data-animationOffset=\"top-into-view\"><div class=\"heading heading-with-icon icon-left\"><div class=\"icon\"><i style=\"border-color:#212934;border-width:0px;background-color:#ffffff;box-sizing:content-box;height:50px;width:50px;line-height:50px;border-radius:50%;font-size:25px;\" aria-hidden=\"true\" class=\"fontawesome-icon fa-download fas circle-yes\"><\/i><\/div><h2 class=\"content-box-heading\" style=\"--h2_typography-font-size:24px;line-height:29px;padding-left:70px;\">Prospekt download (PDF)<\/h2><\/div><div class=\"fusion-clearfix\"><\/div><div class=\"content-container\">\n<div class=\"fusion-sep-clear\"><\/div><div class=\"fusion-separator fusion-full-width-sep\" style=\"margin-left: auto;margin-right: auto;margin-top:10px;width:100%;\"><\/div><div class=\"fusion-sep-clear\"><\/div><div class=\"fusion-align-block\"><a class=\"fusion-button button-flat fusion-button-default-size button-default fusion-button-default button-1 fusion-button-span-yes fusion-button-default-type\" target=\"_blank\" rel=\"noopener noreferrer\" href=\"\/index\/wp-content\/uploads\/2020\/05\/Gelenkarmmarkisen.pdf\"><span class=\"fusion-button-text awb-button__text awb-button__text--default\">Designmarkisen f\u00fcr Terrassen und Balkone<\/span><\/a><\/div><div class=\"fusion-sep-clear\"><\/div><div class=\"fusion-separator fusion-full-width-sep\" style=\"margin-left: auto;margin-right: auto;margin-top:10px;width:100%;\"><\/div><div class=\"fusion-sep-clear\"><\/div><div class=\"fusion-align-block\"><a class=\"fusion-button button-flat fusion-button-default-size button-default fusion-button-default button-2 fusion-button-span-yes fusion-button-default-type\" target=\"_blank\" rel=\"noopener noreferrer\" href=\"\/index\/wp-content\/uploads\/2020\/05\/Glasdachmarkisen.pdf\"><span class=\"fusion-button-text awb-button__text awb-button__text--default\">Designmarkisen f\u00fcr Winterg\u00e4rten, Terrassend\u00e4cher und Glasr\u00e4ume<\/span><\/a><\/div><div class=\"fusion-sep-clear\"><\/div><div class=\"fusion-separator fusion-full-width-sep\" style=\"margin-left: auto;margin-right: auto;margin-top:10px;width:100%;\"><\/div><div class=\"fusion-sep-clear\"><\/div><div class=\"fusion-align-block\"><a class=\"fusion-button button-flat fusion-button-default-size button-default fusion-button-default button-3 fusion-button-span-yes fusion-button-default-type\" target=\"_blank\" rel=\"noopener noreferrer\" href=\"\/index\/wp-content\/uploads\/2020\/05\/Fenstermarkisen.pdf\"><span class=\"fusion-button-text awb-button__text awb-button__text--default\">Designmarkisen f\u00fcr Fenster<\/span><\/a><\/div><div class=\"fusion-sep-clear\"><\/div><div class=\"fusion-separator fusion-full-width-sep\" style=\"margin-left: auto;margin-right: auto;margin-top:10px;width:100%;\"><\/div><div class=\"fusion-sep-clear\"><\/div><div class=\"fusion-align-block\"><a class=\"fusion-button button-flat fusion-button-default-size button-default fusion-button-default button-4 fusion-button-span-yes fusion-button-default-type\" target=\"_blank\" rel=\"noopener noreferrer\" href=\"https:\/\/www.markilux.com\/de-ch\/\"><span class=\"fusion-button-text awb-button__text awb-button__text--default\">Entdecken Sie mehr auf markilux.com<\/span><\/a><\/div>\n<\/div><\/div><\/div><div class=\"fusion-clearfix\"><\/div><\/div><div class=\"fusion-clearfix\"><\/div><\/div><\/div><div class=\"fusion-layout-column fusion_builder_column fusion-builder-column-2 fusion_builder_column_1_2 1_2 fusion-one-half fusion-column-last fusion-animated\" style=\"--awb-bg-size:cover;--awb-margin-top:-50px;width:50%;width:calc(50% - ( ( 8% ) * 0.5 ) );\" data-animationType=\"fadeInLeft\" data-animationDuration=\"0.8\" data-animationOffset=\"top-into-view\"><div class=\"fusion-column-wrapper fusion-column-has-shadow fusion-flex-column-wrapper-legacy\"><div class=\"fusion-text fusion-text-1\"><h3>markilux MARKISEN<em><br \/>\n<\/em><\/h3>\n<p><b>Sonnenschutz f\u00fcr Terrasse &amp; Balkon &#8211; Markisen \u201eMade in Germany\u201c<\/b><\/p>\n<\/div><div class=\"fusion-text fusion-text-2\"><p><strong>Die beste unter der Sonne.<\/strong><\/p>\n<p>F\u00fcr den sch\u00f6nsten Schatten der Welt<\/p>\n<\/div><div class=\"fusion-sep-clear\"><\/div><div class=\"fusion-separator fusion-full-width-sep\" style=\"margin-left: auto;margin-right: auto;margin-top:20px;width:100%;\"><\/div><div class=\"fusion-sep-clear\"><\/div><div class=\"fusion-button-wrapper\"><a class=\"fusion-button button-flat fusion-button-default-size button-default fusion-button-default button-5 fusion-button-default-span fusion-button-default-type\" target=\"_self\" href=\"#more\"><span class=\"fusion-button-text awb-button__text awb-button__text--default\">MEHR ERFAHREN<\/span><\/a><\/div><div class=\"fusion-clearfix\"><\/div><\/div><\/div><\/div><\/div><div class=\"fusion-fullwidth fullwidth-box fusion-builder-row-3 nonhundred-percent-fullwidth non-hundred-percent-height-scrolling fusion-no-medium-visibility fusion-no-large-visibility\" style=\"--awb-background-position:center bottom;--awb-border-radius-top-left:0px;--awb-border-radius-top-right:0px;--awb-border-radius-bottom-right:0px;--awb-border-radius-bottom-left:0px;--awb-padding-top:90px;--awb-padding-bottom:90px;--awb-margin-bottom:0px;--awb-flex-wrap:wrap;\" ><div class=\"fusion-builder-row fusion-row\"><div class=\"fusion-layout-column fusion_builder_column fusion-builder-column-3 fusion_builder_column_1_2 1_2 fusion-one-half fusion-column-first fusion-animated\" style=\"--awb-padding-top:40px;--awb-padding-right:50px;--awb-padding-bottom:20px;--awb-padding-left:20px;--awb-bg-image:linear-gradient(180deg, #f6a800 0%,#f6a800 100%);--awb-bg-size:cover;width:50%;width:calc(50% - ( ( 8% ) * 0.5 ) );margin-right: 8%;\" data-animationType=\"fadeInLeft\" data-animationDuration=\"0.8\" data-animationOffset=\"top-into-view\"><div class=\"fusion-column-wrapper fusion-column-has-shadow fusion-flex-column-wrapper-legacy\"><div class=\"fusion-content-boxes content-boxes columns row fusion-columns-1 fusion-columns-total-1 fusion-content-boxes-2 content-boxes-clean-horizontal content-left content-boxes-icon-on-side\" style=\"--awb-body-color:#ffffff;--awb-title-color:#333333;--awb-iconcolor:#f6a800;--awb-margin-bottom:0px;--awb-hover-accent-color:#ffffff;--awb-circle-hover-accent-color:#ffffff;--awb-item-margin-bottom:40px;\" data-animationOffset=\"top-into-view\"><div style=\"--awb-backgroundcolor:rgba(255,255,255,0);--awb-iconcolor:#f6a800;--awb-content-padding-left:70px;border-color:rgba(255,255,255,0);\" class=\"fusion-column content-box-column content-box-column content-box-column-1 col-lg-12 col-md-12 col-sm-12 fusion-content-box-hover content-box-column-last content-box-column-last-in-row\"><div class=\"col content-box-wrapper content-wrapper link-area-link-icon icon-hover-animation-none\" data-animationOffset=\"top-into-view\"><div class=\"heading heading-with-icon icon-left\"><div class=\"icon\"><i style=\"border-color:#212934;border-width:0px;background-color:#ffffff;box-sizing:content-box;height:50px;width:50px;line-height:50px;border-radius:50%;font-size:25px;\" aria-hidden=\"true\" class=\"fontawesome-icon fa-download fas circle-yes\"><\/i><\/div><h2 class=\"content-box-heading\" style=\"--h2_typography-font-size:24px;line-height:29px;padding-left:70px;\">Prospekt download (PDF)<\/h2><\/div><div class=\"fusion-clearfix\"><\/div><div class=\"content-container\">\n<div class=\"fusion-sep-clear\"><\/div><div class=\"fusion-separator fusion-full-width-sep\" style=\"margin-left: auto;margin-right: auto;margin-top:10px;width:100%;\"><\/div><div class=\"fusion-sep-clear\"><\/div><div class=\"fusion-align-block\"><a class=\"fusion-button button-flat fusion-button-default-size button-default fusion-button-default button-6 fusion-button-span-yes fusion-button-default-type\" target=\"_blank\" rel=\"noopener noreferrer\" href=\"\/index\/wp-content\/uploads\/2020\/05\/Gelenkarmmarkisen.pdf\"><span class=\"fusion-button-text awb-button__text awb-button__text--default\">Designmarkisen f\u00fcr Terrassen und Balkone<\/span><\/a><\/div><div class=\"fusion-sep-clear\"><\/div><div class=\"fusion-separator fusion-full-width-sep\" style=\"margin-left: auto;margin-right: auto;margin-top:10px;width:100%;\"><\/div><div class=\"fusion-sep-clear\"><\/div><div class=\"fusion-align-block\"><a class=\"fusion-button button-flat fusion-button-default-size button-default fusion-button-default button-7 fusion-button-span-yes fusion-button-default-type\" target=\"_blank\" rel=\"noopener noreferrer\" href=\"\/index\/wp-content\/uploads\/2020\/05\/Glasdachmarkisen.pdf\"><span class=\"fusion-button-text awb-button__text awb-button__text--default\">Designmarkisen f\u00fcr Wintergarten, Terrassend\u00e4cher und Glasr\u00e4ume<\/span><\/a><\/div><div class=\"fusion-sep-clear\"><\/div><div class=\"fusion-separator fusion-full-width-sep\" style=\"margin-left: auto;margin-right: auto;margin-top:10px;width:100%;\"><\/div><div class=\"fusion-sep-clear\"><\/div><div class=\"fusion-align-block\"><a class=\"fusion-button button-flat fusion-button-default-size button-default fusion-button-default button-8 fusion-button-span-yes fusion-button-default-type\" target=\"_blank\" rel=\"noopener noreferrer\" href=\"\/index\/wp-content\/uploads\/2020\/05\/Fenstermarkisen.pdf\"><span class=\"fusion-button-text awb-button__text awb-button__text--default\">Designmarkisen f\u00fcr Fenster<\/span><\/a><\/div><div class=\"fusion-sep-clear\"><\/div><div class=\"fusion-separator fusion-full-width-sep\" style=\"margin-left: auto;margin-right: auto;margin-top:10px;width:100%;\"><\/div><div class=\"fusion-sep-clear\"><\/div><div class=\"fusion-align-block\"><a class=\"fusion-button button-flat fusion-button-default-size button-default fusion-button-default button-9 fusion-button-span-yes fusion-button-default-type\" target=\"_blank\" rel=\"noopener noreferrer\" href=\"https:\/\/www.markilux.com\/de-ch\/\"><span class=\"fusion-button-text awb-button__text awb-button__text--default\">Entdecken Sie mehr auf markilux.com<\/span><\/a><\/div>\n<\/div><\/div><\/div><div class=\"fusion-clearfix\"><\/div><\/div><div class=\"fusion-clearfix\"><\/div><\/div><\/div><div class=\"fusion-layout-column fusion_builder_column fusion-builder-column-4 fusion_builder_column_1_2 1_2 fusion-one-half fusion-column-last fusion-animated\" style=\"--awb-bg-size:cover;width:50%;width:calc(50% - ( ( 8% ) * 0.5 ) );\" data-animationType=\"fadeInLeft\" data-animationDuration=\"0.8\" data-animationOffset=\"top-into-view\"><div class=\"fusion-column-wrapper fusion-column-has-shadow fusion-flex-column-wrapper-legacy\"><div class=\"fusion-text fusion-text-3\"><h3>MARKISEN MARKILUX<em><br \/>\n<\/em><\/h3>\n<p><b>Sonnenschutz f\u00fcr Terrasse &amp; Balkon &#8211; Markisen \u201eMade in Germany\u201c<\/b><\/p>\n<\/div><div class=\"fusion-text fusion-text-4\"><p><strong>Die beste unter der Sonne.<\/strong><\/p>\n<p>F\u00fcr den sch\u00f6nsten Schatten der Welt<\/p>\n<\/div><div class=\"fusion-sep-clear\"><\/div><div class=\"fusion-separator fusion-full-width-sep\" style=\"margin-left: auto;margin-right: auto;margin-top:20px;width:100%;\"><\/div><div class=\"fusion-sep-clear\"><\/div><div class=\"fusion-button-wrapper\"><a class=\"fusion-button button-flat fusion-button-default-size button-default fusion-button-default button-10 fusion-button-default-span fusion-button-default-type\" target=\"_self\" href=\"#more\"><span class=\"fusion-button-text awb-button__text awb-button__text--default\">MEHR ERFAHREN<\/span><\/a><\/div><div class=\"fusion-clearfix\"><\/div><\/div><\/div><\/div><\/div><div class=\"fusion-fullwidth fullwidth-box fusion-builder-row-4 nonhundred-percent-fullwidth non-hundred-percent-height-scrolling\" style=\"--awb-border-radius-top-left:0px;--awb-border-radius-top-right:0px;--awb-border-radius-bottom-right:0px;--awb-border-radius-bottom-left:0px;--awb-padding-top:0px;--awb-padding-bottom:0px;--awb-margin-top:0px;--awb-margin-bottom:0px;--awb-background-image:linear-gradient(180deg, #212934 0%,#212934 100%);--awb-flex-wrap:wrap;\" ><div class=\"fusion-builder-row fusion-row\"><div class=\"fusion-layout-column fusion_builder_column fusion-builder-column-5 fusion_builder_column_1_1 1_1 fusion-one-full fusion-column-first fusion-column-last\" style=\"--awb-bg-size:cover;\"><div class=\"fusion-column-wrapper fusion-column-has-shadow fusion-flex-column-wrapper-legacy\"><div class=\"fusion-clearfix\"><\/div><\/div><\/div><\/div><\/div><div class=\"fusion-fullwidth fullwidth-box fusion-builder-row-5 nonhundred-percent-fullwidth non-hundred-percent-height-scrolling\" style=\"--awb-border-radius-top-left:0px;--awb-border-radius-top-right:0px;--awb-border-radius-bottom-right:0px;--awb-border-radius-bottom-left:0px;--awb-background-image:linear-gradient(180deg, #212934 0%,#212934 100%);--awb-flex-wrap:wrap;\" ><div class=\"fusion-builder-row fusion-row\"><div class=\"fusion-layout-column fusion_builder_column fusion-builder-column-6 fusion_builder_column_1_1 1_1 fusion-one-full fusion-column-first fusion-column-last\" style=\"--awb-bg-size:cover;\"><div class=\"fusion-column-wrapper fusion-column-has-shadow fusion-flex-column-wrapper-legacy\"><div class=\"fusion-image-element fusion-image-align-center in-legacy-container\" style=\"text-align:center;--awb-max-width:300px;--awb-caption-title-font-family:var(--h2_typography-font-family);--awb-caption-title-font-weight:var(--h2_typography-font-weight);--awb-caption-title-font-style:var(--h2_typography-font-style);--awb-caption-title-size:var(--h2_typography-font-size);--awb-caption-title-transform:var(--h2_typography-text-transform);--awb-caption-title-line-height:var(--h2_typography-line-height);--awb-caption-title-letter-spacing:var(--h2_typography-letter-spacing);\"><div class=\"imageframe-align-center\"><span class=\" fusion-imageframe imageframe-none imageframe-1 hover-type-none\"><img decoding=\"async\" width=\"725\" height=\"217\" title=\"markilux\" src=\"https:\/\/www.solar-ticino.com\/wp-content\/uploads\/2020\/04\/markilux.png\" alt class=\"img-responsive wp-image-385\" srcset=\"https:\/\/www.solar-ticino.com\/wp-content\/uploads\/2020\/04\/markilux-200x60.png 200w, https:\/\/www.solar-ticino.com\/wp-content\/uploads\/2020\/04\/markilux-400x120.png 400w, https:\/\/www.solar-ticino.com\/wp-content\/uploads\/2020\/04\/markilux-600x180.png 600w, https:\/\/www.solar-ticino.com\/wp-content\/uploads\/2020\/04\/markilux.png 725w\" sizes=\"(max-width: 1200px) 100vw, 725px\" \/><\/span><\/div><\/div><div class=\"fusion-clearfix\"><\/div><\/div><\/div><\/div><\/div><div id=\"more\" class=\"fusion-container-anchor\"><div class=\"fusion-fullwidth fullwidth-box fusion-builder-row-6 nonhundred-percent-fullwidth non-hundred-percent-height-scrolling\" style=\"--awb-background-position:center bottom;--awb-border-radius-top-left:0px;--awb-border-radius-top-right:0px;--awb-border-radius-bottom-right:0px;--awb-border-radius-bottom-left:0px;--awb-padding-top:0px;--awb-padding-bottom:150px;--awb-margin-top:0px;--awb-background-image:linear-gradient(180deg, #212934 0%,#212934 100%);--awb-flex-wrap:wrap;\" ><div class=\"fusion-builder-row fusion-row\"><div class=\"fusion-layout-column fusion_builder_column fusion-builder-column-7 fusion_builder_column_1_3 1_3 fusion-one-third fusion-column-first fusion-animated\" style=\"--awb-bg-size:cover;--awb-margin-top:50px;--awb-margin-bottom:50px;width:33.333333333333%;width:calc(33.333333333333% - ( ( 8% + 8% ) * 0.33333333333333 ) );margin-right: 8%;\" data-animationType=\"fadeInLeft\" data-animationDuration=\"0.8\" data-animationOffset=\"top-into-view\"><div class=\"fusion-column-wrapper fusion-column-has-shadow fusion-flex-column-wrapper-legacy\"><div class=\"fusion-image-element in-legacy-container\" style=\"--awb-liftup-border-radius:0px;--awb-caption-title-font-family:var(--h2_typography-font-family);--awb-caption-title-font-weight:var(--h2_typography-font-weight);--awb-caption-title-font-style:var(--h2_typography-font-style);--awb-caption-title-size:var(--h2_typography-font-size);--awb-caption-title-transform:var(--h2_typography-text-transform);--awb-caption-title-line-height:var(--h2_typography-line-height);--awb-caption-title-letter-spacing:var(--h2_typography-letter-spacing);\"><div class=\"awb-image-frame awb-image-frame-2 imageframe-liftup\"><span class=\" fusion-imageframe imageframe-none imageframe-2\"><a href=\"https:\/\/www.solar-ticino.com\/wp-content\/uploads\/2020\/04\/t1.jpg\" class=\"fusion-lightbox\" data-rel=\"iLightbox[df338c875e5ea3f6089]\" data-title=\"t1\" title=\"t1\"><img decoding=\"async\" width=\"1181\" height=\"827\" src=\"https:\/\/www.solar-ticino.com\/wp-content\/uploads\/2020\/04\/t1.jpg\" alt class=\"img-responsive wp-image-749\" srcset=\"https:\/\/www.solar-ticino.com\/wp-content\/uploads\/2020\/04\/t1-200x140.jpg 200w, https:\/\/www.solar-ticino.com\/wp-content\/uploads\/2020\/04\/t1-400x280.jpg 400w, https:\/\/www.solar-ticino.com\/wp-content\/uploads\/2020\/04\/t1-600x420.jpg 600w, https:\/\/www.solar-ticino.com\/wp-content\/uploads\/2020\/04\/t1-800x560.jpg 800w, https:\/\/www.solar-ticino.com\/wp-content\/uploads\/2020\/04\/t1.jpg 1181w\" sizes=\"(max-width: 1200px) 100vw, 400px\" \/><\/a><\/span><\/div><\/div><div class=\"fusion-text fusion-text-5\"><h3><span style=\"color: #ffffff;\">markilux Terrassen- und Balkonmarkisen<\/span><\/h3>\n<p><span style=\"color: #ffffff;\">Sonnenschutz f\u00fcr Terrasse &amp; Balkon &#8211; Markisen \u201eMade in Germany\u201c<\/span><\/p>\n<\/div><div class=\"fusion-clearfix\"><\/div><\/div><\/div><div class=\"fusion-layout-column fusion_builder_column fusion-builder-column-8 fusion_builder_column_1_3 1_3 fusion-one-third fusion-animated\" style=\"--awb-bg-size:cover;--awb-margin-top:50px;--awb-margin-bottom:50px;width:33.333333333333%;width:calc(33.333333333333% - ( ( 8% + 8% ) * 0.33333333333333 ) );margin-right: 8%;\" data-animationType=\"fadeInLeft\" data-animationDuration=\"0.8\" data-animationOffset=\"top-into-view\"><div class=\"fusion-column-wrapper fusion-column-has-shadow fusion-flex-column-wrapper-legacy\"><div class=\"fusion-image-element in-legacy-container\" style=\"--awb-liftup-border-radius:0px;--awb-caption-title-font-family:var(--h2_typography-font-family);--awb-caption-title-font-weight:var(--h2_typography-font-weight);--awb-caption-title-font-style:var(--h2_typography-font-style);--awb-caption-title-size:var(--h2_typography-font-size);--awb-caption-title-transform:var(--h2_typography-text-transform);--awb-caption-title-line-height:var(--h2_typography-line-height);--awb-caption-title-letter-spacing:var(--h2_typography-letter-spacing);\"><div class=\"awb-image-frame awb-image-frame-3 imageframe-liftup\"><span class=\" fusion-imageframe imageframe-none imageframe-3\"><a href=\"https:\/\/www.solar-ticino.com\/wp-content\/uploads\/2020\/04\/t2.jpg\" class=\"fusion-lightbox\" data-rel=\"iLightbox[4f457e90908639e7c06]\" data-title=\"t2\" title=\"t2\"><img decoding=\"async\" width=\"1179\" height=\"826\" src=\"https:\/\/www.solar-ticino.com\/wp-content\/uploads\/2020\/04\/t2.jpg\" alt class=\"img-responsive wp-image-251\" srcset=\"https:\/\/www.solar-ticino.com\/wp-content\/uploads\/2020\/04\/t2-200x140.jpg 200w, https:\/\/www.solar-ticino.com\/wp-content\/uploads\/2020\/04\/t2-400x280.jpg 400w, https:\/\/www.solar-ticino.com\/wp-content\/uploads\/2020\/04\/t2-600x420.jpg 600w, https:\/\/www.solar-ticino.com\/wp-content\/uploads\/2020\/04\/t2-800x560.jpg 800w, https:\/\/www.solar-ticino.com\/wp-content\/uploads\/2020\/04\/t2.jpg 1179w\" sizes=\"(max-width: 1200px) 100vw, 400px\" \/><\/a><\/span><\/div><\/div><div class=\"fusion-text fusion-text-6\"><h3><span style=\"color: #ffffff;\">markilux pergola<\/span><\/h3>\n<p><span style=\"color: #ffffff;\">Pergolamarkise fu\u0308r alle, die auch bei Wind und Wetter Gro\u00dfes vorhaben.<\/span><\/p>\n<\/div><div class=\"fusion-clearfix\"><\/div><\/div><\/div><div class=\"fusion-layout-column fusion_builder_column fusion-builder-column-9 fusion_builder_column_1_3 1_3 fusion-one-third fusion-column-last fusion-animated\" style=\"--awb-bg-size:cover;--awb-margin-top:50px;--awb-margin-bottom:50px;width:33.333333333333%;width:calc(33.333333333333% - ( ( 8% + 8% ) * 0.33333333333333 ) );\" data-animationType=\"fadeInLeft\" data-animationDuration=\"0.8\" data-animationOffset=\"top-into-view\"><div class=\"fusion-column-wrapper fusion-column-has-shadow fusion-flex-column-wrapper-legacy\"><div class=\"fusion-image-element in-legacy-container\" style=\"--awb-liftup-border-radius:0px;--awb-caption-title-font-family:var(--h2_typography-font-family);--awb-caption-title-font-weight:var(--h2_typography-font-weight);--awb-caption-title-font-style:var(--h2_typography-font-style);--awb-caption-title-size:var(--h2_typography-font-size);--awb-caption-title-transform:var(--h2_typography-text-transform);--awb-caption-title-line-height:var(--h2_typography-line-height);--awb-caption-title-letter-spacing:var(--h2_typography-letter-spacing);\"><div class=\"awb-image-frame awb-image-frame-4 imageframe-liftup\"><span class=\" fusion-imageframe imageframe-none imageframe-4\"><a href=\"https:\/\/www.solar-ticino.com\/wp-content\/uploads\/2020\/04\/t3.jpg\" class=\"fusion-lightbox\" data-rel=\"iLightbox[dd05a0dbd329e0c2a0d]\" data-title=\"t3\" title=\"t3\"><img decoding=\"async\" width=\"1178\" height=\"825\" src=\"https:\/\/www.solar-ticino.com\/wp-content\/uploads\/2020\/04\/t3.jpg\" alt class=\"img-responsive wp-image-252\" srcset=\"https:\/\/www.solar-ticino.com\/wp-content\/uploads\/2020\/04\/t3-200x140.jpg 200w, https:\/\/www.solar-ticino.com\/wp-content\/uploads\/2020\/04\/t3-400x280.jpg 400w, https:\/\/www.solar-ticino.com\/wp-content\/uploads\/2020\/04\/t3-600x420.jpg 600w, https:\/\/www.solar-ticino.com\/wp-content\/uploads\/2020\/04\/t3-800x560.jpg 800w, https:\/\/www.solar-ticino.com\/wp-content\/uploads\/2020\/04\/t3.jpg 1178w\" sizes=\"(max-width: 1200px) 100vw, 400px\" \/><\/a><\/span><\/div><\/div><div class=\"fusion-text fusion-text-7\"><h3><span style=\"color: #ffffff;\">markilux Markisensysteme<\/span><\/h3>\n<p><span style=\"color: #ffffff;\">Freistehende Markisen<\/span><\/p>\n<\/div><div class=\"fusion-clearfix\"><\/div><\/div><\/div><div class=\"fusion-layout-column fusion_builder_column fusion-builder-column-10 fusion_builder_column_1_3 1_3 fusion-one-third fusion-column-first fusion-animated\" style=\"--awb-bg-size:cover;--awb-margin-top:50px;--awb-margin-bottom:50px;width:33.333333333333%;width:calc(33.333333333333% - ( ( 8% + 8% ) * 0.33333333333333 ) );margin-right: 8%;\" data-animationType=\"fadeInLeft\" data-animationDuration=\"0.8\" data-animationOffset=\"top-into-view\"><div class=\"fusion-column-wrapper fusion-column-has-shadow fusion-flex-column-wrapper-legacy\"><div class=\"fusion-image-element in-legacy-container\" style=\"--awb-liftup-border-radius:0px;--awb-caption-title-font-family:var(--h2_typography-font-family);--awb-caption-title-font-weight:var(--h2_typography-font-weight);--awb-caption-title-font-style:var(--h2_typography-font-style);--awb-caption-title-size:var(--h2_typography-font-size);--awb-caption-title-transform:var(--h2_typography-text-transform);--awb-caption-title-line-height:var(--h2_typography-line-height);--awb-caption-title-letter-spacing:var(--h2_typography-letter-spacing);\"><div class=\"awb-image-frame awb-image-frame-5 imageframe-liftup\"><span class=\" fusion-imageframe imageframe-none imageframe-5\"><a href=\"https:\/\/www.solar-ticino.com\/wp-content\/uploads\/2020\/04\/tenda.jpg\" class=\"fusion-lightbox\" data-rel=\"iLightbox[52041b53757880b1619]\" data-title=\"tenda\" title=\"tenda\"><img decoding=\"async\" width=\"1101\" height=\"824\" src=\"https:\/\/www.solar-ticino.com\/wp-content\/uploads\/2020\/04\/tenda.jpg\" alt class=\"img-responsive wp-image-307\" srcset=\"https:\/\/www.solar-ticino.com\/wp-content\/uploads\/2020\/04\/tenda-200x150.jpg 200w, https:\/\/www.solar-ticino.com\/wp-content\/uploads\/2020\/04\/tenda-400x299.jpg 400w, https:\/\/www.solar-ticino.com\/wp-content\/uploads\/2020\/04\/tenda-600x449.jpg 600w, https:\/\/www.solar-ticino.com\/wp-content\/uploads\/2020\/04\/tenda-800x599.jpg 800w, https:\/\/www.solar-ticino.com\/wp-content\/uploads\/2020\/04\/tenda.jpg 1101w\" sizes=\"(max-width: 1200px) 100vw, 400px\" \/><\/a><\/span><\/div><\/div><div class=\"fusion-text fusion-text-8\"><h3><span style=\"color: #ffffff;\">markilux syncra fix \/ syncra uno fix<\/span><\/h3>\n<p><span style=\"color: #ffffff;\">Gelenkarmmarkisen \/ Pergola<\/span><\/p>\n<\/div><div class=\"fusion-clearfix\"><\/div><\/div><\/div><div class=\"fusion-layout-column fusion_builder_column fusion-builder-column-11 fusion_builder_column_1_3 1_3 fusion-one-third fusion-animated\" style=\"--awb-bg-size:cover;--awb-margin-top:50px;--awb-margin-bottom:50px;width:33.333333333333%;width:calc(33.333333333333% - ( ( 8% + 8% ) * 0.33333333333333 ) );margin-right: 8%;\" data-animationType=\"fadeInLeft\" data-animationDuration=\"0.8\" data-animationOffset=\"top-into-view\"><div class=\"fusion-column-wrapper fusion-column-has-shadow fusion-flex-column-wrapper-legacy\"><div class=\"fusion-image-element in-legacy-container\" style=\"--awb-liftup-border-radius:0px;--awb-caption-title-font-family:var(--h2_typography-font-family);--awb-caption-title-font-weight:var(--h2_typography-font-weight);--awb-caption-title-font-style:var(--h2_typography-font-style);--awb-caption-title-size:var(--h2_typography-font-size);--awb-caption-title-transform:var(--h2_typography-text-transform);--awb-caption-title-line-height:var(--h2_typography-line-height);--awb-caption-title-letter-spacing:var(--h2_typography-letter-spacing);\"><div class=\"awb-image-frame awb-image-frame-6 imageframe-liftup\"><span class=\" fusion-imageframe imageframe-none imageframe-6\"><a href=\"https:\/\/www.solar-ticino.com\/wp-content\/uploads\/2020\/04\/t5.jpg\" class=\"fusion-lightbox\" data-rel=\"iLightbox[4cfa3a2a8ea688ee304]\" data-title=\"t5\" title=\"t5\"><img decoding=\"async\" width=\"1101\" height=\"824\" src=\"https:\/\/www.solar-ticino.com\/wp-content\/uploads\/2020\/04\/t5.jpg\" alt class=\"img-responsive wp-image-254\" srcset=\"https:\/\/www.solar-ticino.com\/wp-content\/uploads\/2020\/04\/t5-200x150.jpg 200w, https:\/\/www.solar-ticino.com\/wp-content\/uploads\/2020\/04\/t5-400x299.jpg 400w, https:\/\/www.solar-ticino.com\/wp-content\/uploads\/2020\/04\/t5-600x449.jpg 600w, https:\/\/www.solar-ticino.com\/wp-content\/uploads\/2020\/04\/t5-800x599.jpg 800w, https:\/\/www.solar-ticino.com\/wp-content\/uploads\/2020\/04\/t5.jpg 1101w\" sizes=\"(max-width: 1200px) 100vw, 400px\" \/><\/a><\/span><\/div><\/div><div class=\"fusion-text fusion-text-9\"><h3><span style=\"color: #ffffff;\">markilux Unterglasmarkisen f\u00fcr Terrassend\u00e4cher<\/span><\/h3>\n<p><span style=\"background-color: rgba(255, 255, 255, 0); color: #ffffff; font-family: var(--body_typography-font-family); font-size: var(--body_typography-font-size); font-style: var(--body_typography-font-style,normal); font-weight: var(--body_typography-font-weight); letter-spacing: var(--body_typography-letter-spacing);\">markilux 779 tracfix \/ 879 tracfix<\/span><\/p>\n<\/div><div class=\"fusion-clearfix\"><\/div><\/div><\/div><div class=\"fusion-layout-column fusion_builder_column fusion-builder-column-12 fusion_builder_column_1_3 1_3 fusion-one-third fusion-column-last fusion-animated\" style=\"--awb-bg-size:cover;--awb-margin-top:50px;--awb-margin-bottom:50px;width:33.333333333333%;width:calc(33.333333333333% - ( ( 8% + 8% ) * 0.33333333333333 ) );\" data-animationType=\"fadeInLeft\" data-animationDuration=\"0.8\" data-animationOffset=\"top-into-view\"><div class=\"fusion-column-wrapper fusion-column-has-shadow fusion-flex-column-wrapper-legacy\"><div class=\"fusion-image-element in-legacy-container\" style=\"--awb-liftup-border-radius:0px;--awb-caption-title-font-family:var(--h2_typography-font-family);--awb-caption-title-font-weight:var(--h2_typography-font-weight);--awb-caption-title-font-style:var(--h2_typography-font-style);--awb-caption-title-size:var(--h2_typography-font-size);--awb-caption-title-transform:var(--h2_typography-text-transform);--awb-caption-title-line-height:var(--h2_typography-line-height);--awb-caption-title-letter-spacing:var(--h2_typography-letter-spacing);\"><div class=\"awb-image-frame awb-image-frame-7 imageframe-liftup\"><span class=\" fusion-imageframe imageframe-none imageframe-7\"><a href=\"https:\/\/www.solar-ticino.com\/wp-content\/uploads\/2020\/04\/t6.jpg\" class=\"fusion-lightbox\" data-rel=\"iLightbox[5e346e71227cb3b62e4]\" data-title=\"t6\" title=\"t6\"><img decoding=\"async\" width=\"1098\" height=\"824\" src=\"https:\/\/www.solar-ticino.com\/wp-content\/uploads\/2020\/04\/t6.jpg\" alt class=\"img-responsive wp-image-255\" srcset=\"https:\/\/www.solar-ticino.com\/wp-content\/uploads\/2020\/04\/t6-200x150.jpg 200w, https:\/\/www.solar-ticino.com\/wp-content\/uploads\/2020\/04\/t6-400x300.jpg 400w, https:\/\/www.solar-ticino.com\/wp-content\/uploads\/2020\/04\/t6-600x450.jpg 600w, https:\/\/www.solar-ticino.com\/wp-content\/uploads\/2020\/04\/t6-800x600.jpg 800w, https:\/\/www.solar-ticino.com\/wp-content\/uploads\/2020\/04\/t6.jpg 1098w\" sizes=\"(max-width: 1200px) 100vw, 400px\" \/><\/a><\/span><\/div><\/div><div class=\"fusion-text fusion-text-10\"><h3><span style=\"color: #ffffff;\">markilux Fenstermarkisen<\/span><\/h3>\n<p><span style=\"color: #ffffff;\">Senkrechtmarkisen f\u00fcr mehr Wohnkomfort<\/span><\/p>\n<\/div><div class=\"fusion-clearfix\"><\/div><\/div><\/div><\/div><\/div><\/div><div id=\"more\" class=\"fusion-container-anchor\"><div class=\"fusion-bg-parallax\" data-bg-align=\"center bottom\" data-direction=\"down\" data-mute=\"false\" data-opacity=\"100\" data-velocity=\"-0.6\" data-mobile-enabled=\"false\" data-break_parents=\"0\" data-bg-image=\"https:\/\/www.solar-ticino.com\/wp-content\/uploads\/2020\/04\/foto_start.jpg\" data-bg-repeat=\"false\" ><\/div><div class=\"fusion-fullwidth fullwidth-box fusion-builder-row-7 fusion-parallax-down nonhundred-percent-fullwidth non-hundred-percent-height-scrolling\" style=\"--awb-background-position:center bottom;--awb-border-radius-top-left:0px;--awb-border-radius-top-right:0px;--awb-border-radius-bottom-right:0px;--awb-border-radius-bottom-left:0px;--awb-padding-top:150px;--awb-padding-bottom:150px;--awb-background-image:url(&quot;https:\/\/www.solar-ticino.com\/wp-content\/uploads\/2020\/04\/foto_start.jpg&quot;);--awb-background-size:cover;--awb-flex-wrap:wrap;\" ><div class=\"fusion-builder-row fusion-row\"><div class=\"fusion-layout-column fusion_builder_column fusion-builder-column-13 fusion_builder_column_1_1 1_1 fusion-one-full fusion-column-first fusion-column-last fusion-animated\" style=\"--awb-bg-size:cover;\" data-animationType=\"fadeInLeft\" data-animationDuration=\"0.8\" data-animationOffset=\"top-into-view\"><div class=\"fusion-column-wrapper fusion-column-has-shadow fusion-flex-column-wrapper-legacy\"><div class=\"fusion-text fusion-text-11\"><h3 style=\"text-align: center;\">LASSE DICH INSPERIREN!<\/h3>\n<\/div><div class=\"fusion-aligncenter\"><a class=\"fusion-button button-flat fusion-button-default-size button-default fusion-button-default button-11 fusion-button-default-span fusion-button-default-type\" target=\"_self\" href=\"\/index\/de\/kontakt\/\"><span class=\"fusion-button-text awb-button__text awb-button__text--default\">TERMIN ANFORDERN F\u00dcR EINE PERS\u00d6NLICHE KOSTENFREIEn BERATUNG<\/span><\/a><\/div><div class=\"fusion-clearfix\"><\/div><\/div><\/div><\/div><\/div><\/div><div class=\"fusion-fullwidth fullwidth-box fusion-builder-row-8 nonhundred-percent-fullwidth non-hundred-percent-height-scrolling\" style=\"--awb-border-radius-top-left:0px;--awb-border-radius-top-right:0px;--awb-border-radius-bottom-right:0px;--awb-border-radius-bottom-left:0px;--awb-background-color:#ffffff;--awb-flex-wrap:wrap;\" ><div class=\"fusion-builder-row fusion-row\"><div class=\"fusion-layout-column fusion_builder_column fusion-builder-column-14 fusion_builder_column_1_3 1_3 fusion-one-third fusion-column-first fusion-animated\" style=\"--awb-padding-top:35px;--awb-padding-bottom:30px;--awb-bg-position:right center;--awb-bg-repeat:repeat-y;--awb-border-color:#f0f0f0;--awb-border-right:1px;--awb-border-style:solid;--awb-margin-top:30px;--awb-margin-bottom:30px;width:33.333333333333%;width:calc(33.333333333333% - ( ( 0px + 0px ) * 0.33333333333333 ) );margin-right: 0px;\" data-animationType=\"fadeInRight\" data-animationDuration=\"1.0\" data-animationOffset=\"top-into-view\"><div class=\"fusion-column-wrapper fusion-flex-column-wrapper-legacy\"><div class=\"fusion-text fusion-text-12\"><p style=\"text-align: center; letter-spacing: 1px; margin: 0px;\"><span style=\"color: #ffaa06;\"><i class=\"fb-icon-element-1 fb-icon-element fontawesome-icon fa-phone-alt fas circle-no fusion-text-flow\" style=\"--awb-iconcolor:#ffaa06;--awb-iconcolor-hover:#ffaa06;--awb-font-size:20px;--awb-margin-right:10px;\"><\/i> TELEFONO<\/span><\/p>\n<\/div><div class=\"fusion-title title fusion-title-1 fusion-sep-none fusion-title-center fusion-title-text fusion-title-size-three\" style=\"--awb-margin-top:5px;--awb-margin-bottom:5px;--awb-margin-top-small:10px;--awb-margin-right-small:0px;--awb-margin-bottom-small:10px;--awb-margin-left-small:0px;\"><h3 class=\"fusion-title-heading title-heading-center\" style=\"margin:0;\"><a href=\"tel:0041916833711\">+41 91 683 37 11<\/a><\/h3><\/div><div class=\"fusion-clearfix\"><\/div><\/div><\/div><div class=\"fusion-layout-column fusion_builder_column fusion-builder-column-15 fusion_builder_column_1_3 1_3 fusion-one-third fusion-animated\" style=\"--awb-padding-top:35px;--awb-padding-bottom:30px;--awb-bg-position:right center;--awb-bg-repeat:repeat-y;--awb-border-color:#f0f0f0;--awb-border-right:1px;--awb-border-style:solid;--awb-margin-top:30px;--awb-margin-bottom:30px;width:33.333333333333%;width:calc(33.333333333333% - ( ( 0px + 0px ) * 0.33333333333333 ) );margin-right: 0px;\" data-animationType=\"fadeInRight\" data-animationDuration=\"1.0\" data-animationOffset=\"top-into-view\"><div class=\"fusion-column-wrapper fusion-flex-column-wrapper-legacy\"><div class=\"fusion-text fusion-text-13\"><p style=\"text-align: center; letter-spacing: 1px; margin: 0px;\"><span style=\"color: #ffaa06;\"><i class=\"fb-icon-element-2 fb-icon-element fontawesome-icon fa-envelope fas circle-no fusion-text-flow\" style=\"--awb-iconcolor:#ffaa06;--awb-iconcolor-hover:#ffaa06;--awb-font-size:20px;--awb-margin-right:10px;\"><\/i> E-MAIL<\/span><\/p>\n<\/div><div class=\"fusion-title title fusion-title-2 fusion-sep-none fusion-title-center fusion-title-text fusion-title-size-three\" style=\"--awb-margin-top:5px;--awb-margin-bottom:5px;--awb-margin-top-small:10px;--awb-margin-right-small:0px;--awb-margin-bottom-small:10px;--awb-margin-left-small:0px;\"><h3 class=\"fusion-title-heading title-heading-center\" style=\"margin:0;\"><a href=\"mailto:info@solar-ticino.com\">info@solar-ticino.com<\/a><\/h3><\/div><div class=\"fusion-clearfix\"><\/div><\/div><\/div><div class=\"fusion-layout-column fusion_builder_column fusion-builder-column-16 fusion_builder_column_1_3 1_3 fusion-one-third fusion-column-last fusion-animated\" style=\"--awb-padding-top:35px;--awb-padding-bottom:30px;--awb-bg-position:right center;--awb-bg-repeat:repeat-y;--awb-border-color:#f0f0f0;--awb-border-right:1px;--awb-border-style:solid;--awb-margin-top:30px;--awb-margin-bottom:30px;width:33.333333333333%;width:calc(33.333333333333% - ( ( 0px + 0px ) * 0.33333333333333 ) );\" data-animationType=\"fadeInRight\" data-animationDuration=\"1.0\" data-animationOffset=\"top-into-view\"><div class=\"fusion-column-wrapper fusion-flex-column-wrapper-legacy\"><div class=\"fusion-text fusion-text-14\"><p style=\"text-align: center; letter-spacing: 1px; margin: 0px;\"><span style=\"color: #ffaa06;\"><i class=\"fb-icon-element-3 fb-icon-element fontawesome-icon fa-fax fas circle-no fusion-text-flow\" style=\"--awb-iconcolor:#ffaa06;--awb-iconcolor-hover:#ffaa06;--awb-font-size:20px;--awb-margin-right:10px;\"><\/i> FAX<\/span><\/p>\n<\/div><div class=\"fusion-title title fusion-title-3 fusion-sep-none fusion-title-center fusion-title-text fusion-title-size-three\" style=\"--awb-margin-top:5px;--awb-margin-bottom:5px;--awb-margin-top-small:10px;--awb-margin-right-small:0px;--awb-margin-bottom-small:10px;--awb-margin-left-small:0px;\"><h3 class=\"fusion-title-heading title-heading-center\" style=\"margin:0;\">+41 91 683 37 13<\/h3><\/div><div class=\"fusion-clearfix\"><\/div><\/div><\/div><\/div><\/div><\/p>\n","protected":false},"excerpt":{"rendered":"","protected":false},"author":5,"featured_media":0,"parent":0,"menu_order":0,"comment_status":"closed","ping_status":"closed","template":"100-width.php","meta":{"footnotes":""},"class_list":["post-748","page","type-page","status-publish","hentry"],"yoast_head":"<!-- This site is optimized with the Yoast SEO plugin v27.1.1 - https:\/\/yoast.com\/product\/yoast-seo-wordpress\/ -->\n<title>MARKISEN - Solar Ticino sagl<\/title>\n<meta name=\"robots\" content=\"index, follow, max-snippet:-1, max-image-preview:large, max-video-preview:-1\" \/>\n<link rel=\"canonical\" href=\"https:\/\/www.solar-ticino.com\/de\/markisen\/\" \/>\n<meta property=\"og:locale\" content=\"de_DE\" \/>\n<meta property=\"og:type\" content=\"article\" \/>\n<meta property=\"og:title\" content=\"MARKISEN - Solar Ticino sagl\" \/>\n<meta property=\"og:url\" content=\"https:\/\/www.solar-ticino.com\/de\/markisen\/\" \/>\n<meta property=\"og:site_name\" content=\"Solar Ticino sagl\" \/>\n<meta property=\"article:modified_time\" content=\"2020-05-11T09:21:50+00:00\" \/>\n<meta name=\"twitter:card\" content=\"summary_large_image\" \/>\n<meta name=\"twitter:label1\" content=\"Gesch\u00e4tzte Lesezeit\" \/>\n\t<meta name=\"twitter:data1\" content=\"38\u00a0Minuten\" \/>\n<script type=\"application\/ld+json\" class=\"yoast-schema-graph\">{\"@context\":\"https:\/\/schema.org\",\"@graph\":[{\"@type\":\"WebPage\",\"@id\":\"https:\/\/www.solar-ticino.com\/de\/markisen\/\",\"url\":\"https:\/\/www.solar-ticino.com\/de\/markisen\/\",\"name\":\"MARKISEN - Solar Ticino sagl\",\"isPartOf\":{\"@id\":\"https:\/\/www.solar-ticino.com\/de\/#website\"},\"datePublished\":\"2020-04-17T08:49:15+00:00\",\"dateModified\":\"2020-05-11T09:21:50+00:00\",\"breadcrumb\":{\"@id\":\"https:\/\/www.solar-ticino.com\/de\/markisen\/#breadcrumb\"},\"inLanguage\":\"de\",\"potentialAction\":[{\"@type\":\"ReadAction\",\"target\":[\"https:\/\/www.solar-ticino.com\/de\/markisen\/\"]}]},{\"@type\":\"BreadcrumbList\",\"@id\":\"https:\/\/www.solar-ticino.com\/de\/markisen\/#breadcrumb\",\"itemListElement\":[{\"@type\":\"ListItem\",\"position\":1,\"name\":\"Home\",\"item\":\"https:\/\/www.solar-ticino.com\/de\/\"},{\"@type\":\"ListItem\",\"position\":2,\"name\":\"MARKISEN\"}]},{\"@type\":\"WebSite\",\"@id\":\"https:\/\/www.solar-ticino.com\/de\/#website\",\"url\":\"https:\/\/www.solar-ticino.com\/de\/\",\"name\":\"Solar Ticino sagl\",\"description\":\"Membro Swissolar - Chiasso, Ticino (Svizzera)\",\"publisher\":{\"@id\":\"https:\/\/www.solar-ticino.com\/de\/#organization\"},\"potentialAction\":[{\"@type\":\"SearchAction\",\"target\":{\"@type\":\"EntryPoint\",\"urlTemplate\":\"https:\/\/www.solar-ticino.com\/de\/?s={search_term_string}\"},\"query-input\":{\"@type\":\"PropertyValueSpecification\",\"valueRequired\":true,\"valueName\":\"search_term_string\"}}],\"inLanguage\":\"de\"},{\"@type\":\"Organization\",\"@id\":\"https:\/\/www.solar-ticino.com\/de\/#organization\",\"name\":\"Solar Ticino sagl\",\"url\":\"https:\/\/www.solar-ticino.com\/de\/\",\"logo\":{\"@type\":\"ImageObject\",\"inLanguage\":\"de\",\"@id\":\"https:\/\/www.solar-ticino.com\/de\/#\/schema\/logo\/image\/\",\"url\":\"https:\/\/www.solar-ticino.com\/wp-content\/uploads\/2020\/04\/p320.png\",\"contentUrl\":\"https:\/\/www.solar-ticino.com\/wp-content\/uploads\/2020\/04\/p320.png\",\"width\":320,\"height\":68,\"caption\":\"Solar Ticino sagl\"},\"image\":{\"@id\":\"https:\/\/www.solar-ticino.com\/de\/#\/schema\/logo\/image\/\"}}]}<\/script>\n<!-- \/ Yoast SEO plugin. -->","yoast_head_json":{"title":"MARKISEN - Solar Ticino sagl","robots":{"index":"index","follow":"follow","max-snippet":"max-snippet:-1","max-image-preview":"max-image-preview:large","max-video-preview":"max-video-preview:-1"},"canonical":"https:\/\/www.solar-ticino.com\/de\/markisen\/","og_locale":"de_DE","og_type":"article","og_title":"MARKISEN - Solar Ticino sagl","og_url":"https:\/\/www.solar-ticino.com\/de\/markisen\/","og_site_name":"Solar Ticino sagl","article_modified_time":"2020-05-11T09:21:50+00:00","twitter_card":"summary_large_image","twitter_misc":{"Gesch\u00e4tzte Lesezeit":"38\u00a0Minuten"},"schema":{"@context":"https:\/\/schema.org","@graph":[{"@type":"WebPage","@id":"https:\/\/www.solar-ticino.com\/de\/markisen\/","url":"https:\/\/www.solar-ticino.com\/de\/markisen\/","name":"MARKISEN - Solar Ticino sagl","isPartOf":{"@id":"https:\/\/www.solar-ticino.com\/de\/#website"},"datePublished":"2020-04-17T08:49:15+00:00","dateModified":"2020-05-11T09:21:50+00:00","breadcrumb":{"@id":"https:\/\/www.solar-ticino.com\/de\/markisen\/#breadcrumb"},"inLanguage":"de","potentialAction":[{"@type":"ReadAction","target":["https:\/\/www.solar-ticino.com\/de\/markisen\/"]}]},{"@type":"BreadcrumbList","@id":"https:\/\/www.solar-ticino.com\/de\/markisen\/#breadcrumb","itemListElement":[{"@type":"ListItem","position":1,"name":"Home","item":"https:\/\/www.solar-ticino.com\/de\/"},{"@type":"ListItem","position":2,"name":"MARKISEN"}]},{"@type":"WebSite","@id":"https:\/\/www.solar-ticino.com\/de\/#website","url":"https:\/\/www.solar-ticino.com\/de\/","name":"Solar Ticino sagl","description":"Membro Swissolar - Chiasso, Ticino (Svizzera)","publisher":{"@id":"https:\/\/www.solar-ticino.com\/de\/#organization"},"potentialAction":[{"@type":"SearchAction","target":{"@type":"EntryPoint","urlTemplate":"https:\/\/www.solar-ticino.com\/de\/?s={search_term_string}"},"query-input":{"@type":"PropertyValueSpecification","valueRequired":true,"valueName":"search_term_string"}}],"inLanguage":"de"},{"@type":"Organization","@id":"https:\/\/www.solar-ticino.com\/de\/#organization","name":"Solar Ticino sagl","url":"https:\/\/www.solar-ticino.com\/de\/","logo":{"@type":"ImageObject","inLanguage":"de","@id":"https:\/\/www.solar-ticino.com\/de\/#\/schema\/logo\/image\/","url":"https:\/\/www.solar-ticino.com\/wp-content\/uploads\/2020\/04\/p320.png","contentUrl":"https:\/\/www.solar-ticino.com\/wp-content\/uploads\/2020\/04\/p320.png","width":320,"height":68,"caption":"Solar Ticino sagl"},"image":{"@id":"https:\/\/www.solar-ticino.com\/de\/#\/schema\/logo\/image\/"}}]}},"_links":{"self":[{"href":"https:\/\/www.solar-ticino.com\/de\/wp-json\/wp\/v2\/pages\/748","targetHints":{"allow":["GET"]}}],"collection":[{"href":"https:\/\/www.solar-ticino.com\/de\/wp-json\/wp\/v2\/pages"}],"about":[{"href":"https:\/\/www.solar-ticino.com\/de\/wp-json\/wp\/v2\/types\/page"}],"author":[{"embeddable":true,"href":"https:\/\/www.solar-ticino.com\/de\/wp-json\/wp\/v2\/users\/5"}],"replies":[{"embeddable":true,"href":"https:\/\/www.solar-ticino.com\/de\/wp-json\/wp\/v2\/comments?post=748"}],"version-history":[{"count":19,"href":"https:\/\/www.solar-ticino.com\/de\/wp-json\/wp\/v2\/pages\/748\/revisions"}],"predecessor-version":[{"id":1401,"href":"https:\/\/www.solar-ticino.com\/de\/wp-json\/wp\/v2\/pages\/748\/revisions\/1401"}],"wp:attachment":[{"href":"https:\/\/www.solar-ticino.com\/de\/wp-json\/wp\/v2\/media?parent=748"}],"curies":[{"name":"wp","href":"https:\/\/api.w.org\/{rel}","templated":true}]}}