{"id":745,"date":"2020-04-23T12:59:54","date_gmt":"2020-04-23T12:59:54","guid":{"rendered":"https:\/\/www.solar-ticino.com\/fotovoltaico\/stazione-di-ricarica\/"},"modified":"2020-05-11T09:13:22","modified_gmt":"2020-05-11T09:13:22","slug":"ladestation","status":"publish","type":"page","link":"https:\/\/www.solar-ticino.com\/de\/photovoltaik\/ladestation\/","title":{"rendered":"LADESTATION"},"content":{"rendered":"<p><div class=\"fusion-fullwidth fullwidth-box fusion-builder-row-1 fusion-parallax-none nonhundred-percent-fullwidth non-hundred-percent-height-scrolling\" style=\"--awb-border-radius-top-left:0px;--awb-border-radius-top-right:0px;--awb-border-radius-bottom-right:0px;--awb-border-radius-bottom-left:0px;--awb-padding-top:70px;--awb-padding-bottom:600px;--awb-margin-top:0px;--awb-margin-bottom:0px;--awb-background-image:url(&quot;https:\/\/www.solar-ticino.com\/wp-content\/uploads\/2020\/04\/carport9.jpg&quot;);--awb-background-size:cover;--awb-flex-wrap:wrap;\" ><div class=\"fusion-builder-row fusion-row\"><div class=\"fusion-layout-column fusion_builder_column fusion-builder-column-0 fusion_builder_column_1_1 1_1 fusion-one-full fusion-column-first fusion-column-last\" style=\"--awb-bg-size:cover;\"><div class=\"fusion-column-wrapper fusion-column-has-shadow fusion-flex-column-wrapper-legacy\"><div class=\"fusion-clearfix\"><\/div><\/div><\/div><\/div><\/div><div class=\"fusion-fullwidth fullwidth-box fusion-builder-row-2 nonhundred-percent-fullwidth non-hundred-percent-height-scrolling\" style=\"--awb-border-radius-top-left:0px;--awb-border-radius-top-right:0px;--awb-border-radius-bottom-right:0px;--awb-border-radius-bottom-left:0px;--awb-margin-top:40px;--awb-flex-wrap:wrap;\" ><div class=\"fusion-builder-row fusion-row\"><div class=\"fusion-layout-column fusion_builder_column fusion-builder-column-1 fusion_builder_column_1_1 1_1 fusion-one-full fusion-column-first fusion-column-last\" style=\"--awb-bg-size:cover;\"><div class=\"fusion-column-wrapper fusion-column-has-shadow fusion-flex-column-wrapper-legacy\"><div class=\"fusion-text fusion-text-1\"><h3 style=\"text-align: left;\"><\/h3>\n<h3 style=\"text-align: left;\"><span style=\"color: #000000;\"><b>ELEKTROAUTO KOSTENLOS TANKEN<\/b><\/span><\/h3>\n<h3><span style=\"color: #ffffff;\"><strong style=\"color: #6cc926;\">E3\/DC-Wallbox<\/strong><\/span><\/h3>\n<p><span style=\"color: #000000;\"><strong> <img decoding=\"async\" class=\"size-full wp-image-543 alignleft\" src=\"https:\/\/www.solar-ticino.com\/wp-content\/uploads\/2020\/04\/centrale-elettrica-2.jpg\" alt=\"\" width=\"259\" height=\"194\" srcset=\"https:\/\/www.solar-ticino.com\/wp-content\/uploads\/2020\/04\/centrale-elettrica-2-200x150.jpg 200w, https:\/\/www.solar-ticino.com\/wp-content\/uploads\/2020\/04\/centrale-elettrica-2.jpg 259w\" sizes=\"(max-width: 259px) 100vw, 259px\" \/><\/strong><\/span><b style=\"color: #000000;\">Vom Hauskraftwerk wird die kommunikationsf\u00e4hige E3\/DC-Wallbox mit der verf\u00fcgbaren Solarenergie versorgt, was wiederum bedeutet, dass Sie Ihr Elektroauto kostenfrei zu Hause laden k\u00f6nnen. Die Sonne stellt Ihnen f\u00fcrs Tanken keine Rechnung<\/b><span style=\"color: #000000;\"><strong><br \/>\n<\/strong><\/span><\/p>\n<p style=\"color: #000000;\">E-Mobil bietet hohes Einspar- und Autarkiepotenzial<\/p>\n<p style=\"color: #000000;\">Im Zusammenspiel mit dem Hauskraftwerk kann die Wallbox das eigene E-Auto so laden, wie der Anwender es w\u00fcnscht: Ausschlie\u00dflich bzw. vorrangig mit Solarstrom oder so schnell wie m\u00f6glich auch mit Netzstrom. Der maximale Ladestrom der Wallbox sorgt mit 22 kW f\u00fcr ein z\u00fcgiges Aufladen zu Hause. Soll aber nur eigener Strom ins Fahrzeug, wird der Ladestrom auf die aktuell verf\u00fcgbare PV-Leistung reduziert.<\/p>\n<p style=\"color: #000000;\">Die Ladung l\u00e4sst sich dabei so organisieren, dass der sonstige Direktverbrauch im Haus und das Laden der Batterie nicht zu kurz kommen. Andererseits lassen sich Strommengen aus dem Speicher, die mit der Aussicht auf den kommenden sonnigen Tag nicht anderweitig ben\u00f6tigt werden, ins E-Auto laden. Das neue E3\/DC-Hauskraftwerk S10 E PRO ist bei Leistung und Kapazit\u00e4t sogar darauf ausgelegt, regelm\u00e4\u00dfig \u00fcber Nacht das Auto aus der Batterie zu versorgen \u2013 und die Wallbox unterst\u00fctzt es dabei. Schlie\u00dflich hat nicht jeder die M\u00f6glichkeit, bei sch\u00f6nem Wetter einfach auf das Fahrrad umzusteigen.<\/p>\n<p>&nbsp;<\/p>\n<h3><\/h3>\n<\/div><div class=\"fusion-clearfix\"><\/div><\/div><\/div><\/div><\/div><div class=\"fusion-fullwidth fullwidth-box fusion-builder-row-3 nonhundred-percent-fullwidth non-hundred-percent-height-scrolling\" style=\"--awb-border-radius-top-left:0px;--awb-border-radius-top-right:0px;--awb-border-radius-bottom-right:0px;--awb-border-radius-bottom-left:0px;--awb-padding-top:50px;--awb-padding-bottom:50px;--awb-margin-top:0px;--awb-margin-bottom:0px;--awb-background-image:linear-gradient(180deg, #212934 0%,#212934 100%);--awb-flex-wrap:wrap;\" ><div class=\"fusion-builder-row fusion-row\"><div class=\"fusion-layout-column fusion_builder_column fusion-builder-column-2 fusion_builder_column_1_1 1_1 fusion-one-full fusion-column-first fusion-column-last\" style=\"--awb-bg-size:cover;--awb-margin-bottom:0px;\"><div class=\"fusion-column-wrapper fusion-column-has-shadow fusion-flex-column-wrapper-legacy\"><div class=\"fusion-text fusion-text-2\"><h3><\/h3>\n<h3 style=\"text-align: left;\"><strong style=\"font-family: var(--h3_typography-font-family); font-size: var(--h3_typography-font-size); font-style: var(--h3_typography-font-style,normal); letter-spacing: var(--h3_typography-letter-spacing); background-color: rgba(255, 255, 255, 0); color: #6cc926;\">Wallbox <\/strong><span style=\"color: #ffffff;\">Easy Connect <\/span><\/h3>\n<h3><span style=\"color: #ffffff;\"><span style=\"color: #000000;\"><img decoding=\"async\" class=\"alignright wp-image-542 size-full\" src=\"https:\/\/www.solar-ticino.com\/wp-content\/uploads\/2020\/04\/centrale-elettrica-1-e1588256360402.png\" alt=\"\" width=\"435\" height=\"540\" srcset=\"https:\/\/www.solar-ticino.com\/wp-content\/uploads\/2020\/04\/centrale-elettrica-1-e1588256360402-200x248.png 200w, https:\/\/www.solar-ticino.com\/wp-content\/uploads\/2020\/04\/centrale-elettrica-1-e1588256360402-242x300.png 242w, https:\/\/www.solar-ticino.com\/wp-content\/uploads\/2020\/04\/centrale-elettrica-1-e1588256360402-400x497.png 400w, https:\/\/www.solar-ticino.com\/wp-content\/uploads\/2020\/04\/centrale-elettrica-1-e1588256360402.png 435w\" sizes=\"(max-width: 435px) 100vw, 435px\" \/><\/span><\/span><\/h3>\n<p><span style=\"background-color: rgba(255, 255, 255, 0); color: #ffffff; font-family: var(--body_typography-font-family); font-size: var(--body_typography-font-size); font-style: var(--body_typography-font-style,normal); font-weight: var(--body_typography-font-weight); letter-spacing: var(--body_typography-letter-spacing);\">Technisches Datenblatt \/ <\/span> <span style=\"background-color: rgba(255, 255, 255, 0); color: #ffffff; font-family: var(--body_typography-font-family); font-size: var(--body_typography-font-size); font-style: var(--body_typography-font-style,normal); font-weight: var(--body_typography-font-weight); letter-spacing: var(--body_typography-letter-spacing);\">Beratung anfordern<\/span><\/p>\n<p><span style=\"color: #ffffff;\">Bis<\/span><span style=\"color: #000000;\"> <b style=\"color: #6cc926;\">22<\/b> <span style=\"color: #ffffff;\">kW Leistung<\/span><\/span><\/p>\n<p><span style=\"color: #ffffff;\">Die Wallbox easy connect l\u00e4dt Typ 2- und Typ 1-f\u00e4hige Elektroautos und viele Plug-in-Hybrid-Fahrzeuge mit bis zu 22 kW AC-Leistung.<\/span><\/p>\n<p><span style=\"color: #ffffff; background-color: rgba(255, 255, 255, 0); font-family: var(--body_typography-font-family); font-size: var(--body_typography-font-size); font-style: var(--body_typography-font-style,normal); font-weight: var(--body_typography-font-weight); letter-spacing: var(--body_typography-letter-spacing);\">Teamplayer im <\/span><strong style=\"color: #6cc926; background-color: rgba(255, 255, 255, 0); font-family: var(--body_typography-font-family); font-size: var(--body_typography-font-size); font-style: var(--body_typography-font-style,normal); letter-spacing: var(--body_typography-letter-spacing);\">Energiemanagement<\/strong><\/p>\n<p><span style=\"color: #ffffff;\">Mit E3\/DC kann vorrangig oder ausschlie\u00dflich Solarstrom geladen werden \u2013 dazu wird der Ladestrom auf die verf\u00fcgbare PV-Leistung reduziert.<\/span><\/p>\n<p><span style=\"color: #ffffff; font-family: var(--h6_typography-font-family); font-size: var(--h6_typography-font-size); font-style: var(--h6_typography-font-style,normal); letter-spacing: var(--h6_typography-letter-spacing); background-color: rgba(255, 255, 255, 0);\"><b style=\"color: #6cc926;\">Zukunftsf\u00e4hig<\/b><\/span><\/p>\n<p><span style=\"color: #ffffff;\">Auch k\u00fcnftige Elektroauto-Modelle k\u00f6nnen Sie nach IEC 61851 \u00fcber Software-Updates des Hauskraftwerks zu Hause kostenfrei laden.<\/span><\/p>\n<\/div><div class=\"fusion-clearfix\"><\/div><\/div><\/div><\/div><\/div><div class=\"fusion-fullwidth fullwidth-box fusion-builder-row-4 nonhundred-percent-fullwidth non-hundred-percent-height-scrolling\" style=\"--awb-border-radius-top-left:0px;--awb-border-radius-top-right:0px;--awb-border-radius-bottom-right:0px;--awb-border-radius-bottom-left:0px;--awb-background-image:linear-gradient(180deg, #f6a800 0%,#f6a800 100%);--awb-flex-wrap:wrap;\" ><div class=\"fusion-builder-row fusion-row\"><div class=\"fusion-layout-column fusion_builder_column fusion-builder-column-3 fusion_builder_column_1_1 1_1 fusion-one-full fusion-column-first fusion-column-last\" style=\"--awb-padding-top:74px;--awb-padding-bottom:74px;--awb-bg-size:cover;--awb-margin-bottom:0px;\"><div class=\"fusion-column-wrapper fusion-column-has-shadow fusion-flex-column-wrapper-legacy\"><div class=\"fusion-align-block\"><a class=\"fusion-button button-flat fusion-button-default-size button-default fusion-button-default button-1 fusion-button-span-yes fusion-button-default-type\" target=\"_blank\" rel=\"noopener noreferrer\" href=\"\/index\/wp-content\/uploads\/2020\/04\/E3DC_Technische-Daten_Wallbox_easy-connect_2020-03-24_ST.pdf\"><span class=\"fusion-button-text awb-button__text awb-button__text--default\">PROSPEKT DOWNLOAD (PDF)<\/span><\/a><\/div><div class=\"fusion-clearfix\"><\/div><\/div><\/div><\/div><\/div><\/p>\n","protected":false},"excerpt":{"rendered":"","protected":false},"author":5,"featured_media":0,"parent":715,"menu_order":0,"comment_status":"closed","ping_status":"closed","template":"100-width.php","meta":{"footnotes":""},"class_list":["post-745","page","type-page","status-publish","hentry"],"yoast_head":"<!-- This site is optimized with the Yoast SEO plugin v27.1.1 - https:\/\/yoast.com\/product\/yoast-seo-wordpress\/ -->\n<title>LADESTATION - Solar Ticino sagl<\/title>\n<meta name=\"robots\" content=\"index, follow, max-snippet:-1, max-image-preview:large, max-video-preview:-1\" \/>\n<link rel=\"canonical\" href=\"https:\/\/www.solar-ticino.com\/de\/photovoltaik\/ladestation\/\" \/>\n<meta property=\"og:locale\" content=\"de_DE\" \/>\n<meta property=\"og:type\" content=\"article\" \/>\n<meta property=\"og:title\" content=\"LADESTATION - Solar Ticino sagl\" \/>\n<meta property=\"og:url\" content=\"https:\/\/www.solar-ticino.com\/de\/photovoltaik\/ladestation\/\" \/>\n<meta property=\"og:site_name\" content=\"Solar Ticino sagl\" \/>\n<meta property=\"article:modified_time\" content=\"2020-05-11T09:13:22+00:00\" \/>\n<meta property=\"og:image\" content=\"https:\/\/www.solar-ticino.com\/wp-content\/uploads\/2020\/04\/centrale-elettrica-2.jpg\" \/>\n<meta name=\"twitter:card\" content=\"summary_large_image\" \/>\n<meta name=\"twitter:label1\" content=\"Gesch\u00e4tzte Lesezeit\" \/>\n\t<meta name=\"twitter:data1\" content=\"9\u00a0Minuten\" \/>\n<script type=\"application\/ld+json\" class=\"yoast-schema-graph\">{\"@context\":\"https:\/\/schema.org\",\"@graph\":[{\"@type\":\"WebPage\",\"@id\":\"https:\/\/www.solar-ticino.com\/de\/photovoltaik\/ladestation\/\",\"url\":\"https:\/\/www.solar-ticino.com\/de\/photovoltaik\/ladestation\/\",\"name\":\"LADESTATION - Solar Ticino sagl\",\"isPartOf\":{\"@id\":\"https:\/\/www.solar-ticino.com\/de\/#website\"},\"primaryImageOfPage\":{\"@id\":\"https:\/\/www.solar-ticino.com\/de\/photovoltaik\/ladestation\/#primaryimage\"},\"image\":{\"@id\":\"https:\/\/www.solar-ticino.com\/de\/photovoltaik\/ladestation\/#primaryimage\"},\"thumbnailUrl\":\"https:\/\/www.solar-ticino.com\/wp-content\/uploads\/2020\/04\/centrale-elettrica-2.jpg\",\"datePublished\":\"2020-04-23T12:59:54+00:00\",\"dateModified\":\"2020-05-11T09:13:22+00:00\",\"breadcrumb\":{\"@id\":\"https:\/\/www.solar-ticino.com\/de\/photovoltaik\/ladestation\/#breadcrumb\"},\"inLanguage\":\"de\",\"potentialAction\":[{\"@type\":\"ReadAction\",\"target\":[\"https:\/\/www.solar-ticino.com\/de\/photovoltaik\/ladestation\/\"]}]},{\"@type\":\"ImageObject\",\"inLanguage\":\"de\",\"@id\":\"https:\/\/www.solar-ticino.com\/de\/photovoltaik\/ladestation\/#primaryimage\",\"url\":\"https:\/\/www.solar-ticino.com\/wp-content\/uploads\/2020\/04\/centrale-elettrica-2.jpg\",\"contentUrl\":\"https:\/\/www.solar-ticino.com\/wp-content\/uploads\/2020\/04\/centrale-elettrica-2.jpg\"},{\"@type\":\"BreadcrumbList\",\"@id\":\"https:\/\/www.solar-ticino.com\/de\/photovoltaik\/ladestation\/#breadcrumb\",\"itemListElement\":[{\"@type\":\"ListItem\",\"position\":1,\"name\":\"Home\",\"item\":\"https:\/\/www.solar-ticino.com\/de\/\"},{\"@type\":\"ListItem\",\"position\":2,\"name\":\"PHOTOVOLTAIK\",\"item\":\"https:\/\/www.solar-ticino.com\/de\/photovoltaik\/\"},{\"@type\":\"ListItem\",\"position\":3,\"name\":\"LADESTATION\"}]},{\"@type\":\"WebSite\",\"@id\":\"https:\/\/www.solar-ticino.com\/de\/#website\",\"url\":\"https:\/\/www.solar-ticino.com\/de\/\",\"name\":\"Solar Ticino sagl\",\"description\":\"Membro Swissolar - Chiasso, Ticino (Svizzera)\",\"publisher\":{\"@id\":\"https:\/\/www.solar-ticino.com\/de\/#organization\"},\"potentialAction\":[{\"@type\":\"SearchAction\",\"target\":{\"@type\":\"EntryPoint\",\"urlTemplate\":\"https:\/\/www.solar-ticino.com\/de\/?s={search_term_string}\"},\"query-input\":{\"@type\":\"PropertyValueSpecification\",\"valueRequired\":true,\"valueName\":\"search_term_string\"}}],\"inLanguage\":\"de\"},{\"@type\":\"Organization\",\"@id\":\"https:\/\/www.solar-ticino.com\/de\/#organization\",\"name\":\"Solar Ticino sagl\",\"url\":\"https:\/\/www.solar-ticino.com\/de\/\",\"logo\":{\"@type\":\"ImageObject\",\"inLanguage\":\"de\",\"@id\":\"https:\/\/www.solar-ticino.com\/de\/#\/schema\/logo\/image\/\",\"url\":\"https:\/\/www.solar-ticino.com\/wp-content\/uploads\/2020\/04\/p320.png\",\"contentUrl\":\"https:\/\/www.solar-ticino.com\/wp-content\/uploads\/2020\/04\/p320.png\",\"width\":320,\"height\":68,\"caption\":\"Solar Ticino sagl\"},\"image\":{\"@id\":\"https:\/\/www.solar-ticino.com\/de\/#\/schema\/logo\/image\/\"}}]}<\/script>\n<!-- \/ Yoast SEO plugin. -->","yoast_head_json":{"title":"LADESTATION - Solar Ticino sagl","robots":{"index":"index","follow":"follow","max-snippet":"max-snippet:-1","max-image-preview":"max-image-preview:large","max-video-preview":"max-video-preview:-1"},"canonical":"https:\/\/www.solar-ticino.com\/de\/photovoltaik\/ladestation\/","og_locale":"de_DE","og_type":"article","og_title":"LADESTATION - Solar Ticino sagl","og_url":"https:\/\/www.solar-ticino.com\/de\/photovoltaik\/ladestation\/","og_site_name":"Solar Ticino sagl","article_modified_time":"2020-05-11T09:13:22+00:00","og_image":[{"url":"https:\/\/www.solar-ticino.com\/wp-content\/uploads\/2020\/04\/centrale-elettrica-2.jpg","type":"","width":"","height":""}],"twitter_card":"summary_large_image","twitter_misc":{"Gesch\u00e4tzte Lesezeit":"9\u00a0Minuten"},"schema":{"@context":"https:\/\/schema.org","@graph":[{"@type":"WebPage","@id":"https:\/\/www.solar-ticino.com\/de\/photovoltaik\/ladestation\/","url":"https:\/\/www.solar-ticino.com\/de\/photovoltaik\/ladestation\/","name":"LADESTATION - Solar Ticino sagl","isPartOf":{"@id":"https:\/\/www.solar-ticino.com\/de\/#website"},"primaryImageOfPage":{"@id":"https:\/\/www.solar-ticino.com\/de\/photovoltaik\/ladestation\/#primaryimage"},"image":{"@id":"https:\/\/www.solar-ticino.com\/de\/photovoltaik\/ladestation\/#primaryimage"},"thumbnailUrl":"https:\/\/www.solar-ticino.com\/wp-content\/uploads\/2020\/04\/centrale-elettrica-2.jpg","datePublished":"2020-04-23T12:59:54+00:00","dateModified":"2020-05-11T09:13:22+00:00","breadcrumb":{"@id":"https:\/\/www.solar-ticino.com\/de\/photovoltaik\/ladestation\/#breadcrumb"},"inLanguage":"de","potentialAction":[{"@type":"ReadAction","target":["https:\/\/www.solar-ticino.com\/de\/photovoltaik\/ladestation\/"]}]},{"@type":"ImageObject","inLanguage":"de","@id":"https:\/\/www.solar-ticino.com\/de\/photovoltaik\/ladestation\/#primaryimage","url":"https:\/\/www.solar-ticino.com\/wp-content\/uploads\/2020\/04\/centrale-elettrica-2.jpg","contentUrl":"https:\/\/www.solar-ticino.com\/wp-content\/uploads\/2020\/04\/centrale-elettrica-2.jpg"},{"@type":"BreadcrumbList","@id":"https:\/\/www.solar-ticino.com\/de\/photovoltaik\/ladestation\/#breadcrumb","itemListElement":[{"@type":"ListItem","position":1,"name":"Home","item":"https:\/\/www.solar-ticino.com\/de\/"},{"@type":"ListItem","position":2,"name":"PHOTOVOLTAIK","item":"https:\/\/www.solar-ticino.com\/de\/photovoltaik\/"},{"@type":"ListItem","position":3,"name":"LADESTATION"}]},{"@type":"WebSite","@id":"https:\/\/www.solar-ticino.com\/de\/#website","url":"https:\/\/www.solar-ticino.com\/de\/","name":"Solar Ticino sagl","description":"Membro Swissolar - Chiasso, Ticino (Svizzera)","publisher":{"@id":"https:\/\/www.solar-ticino.com\/de\/#organization"},"potentialAction":[{"@type":"SearchAction","target":{"@type":"EntryPoint","urlTemplate":"https:\/\/www.solar-ticino.com\/de\/?s={search_term_string}"},"query-input":{"@type":"PropertyValueSpecification","valueRequired":true,"valueName":"search_term_string"}}],"inLanguage":"de"},{"@type":"Organization","@id":"https:\/\/www.solar-ticino.com\/de\/#organization","name":"Solar Ticino sagl","url":"https:\/\/www.solar-ticino.com\/de\/","logo":{"@type":"ImageObject","inLanguage":"de","@id":"https:\/\/www.solar-ticino.com\/de\/#\/schema\/logo\/image\/","url":"https:\/\/www.solar-ticino.com\/wp-content\/uploads\/2020\/04\/p320.png","contentUrl":"https:\/\/www.solar-ticino.com\/wp-content\/uploads\/2020\/04\/p320.png","width":320,"height":68,"caption":"Solar Ticino sagl"},"image":{"@id":"https:\/\/www.solar-ticino.com\/de\/#\/schema\/logo\/image\/"}}]}},"_links":{"self":[{"href":"https:\/\/www.solar-ticino.com\/de\/wp-json\/wp\/v2\/pages\/745","targetHints":{"allow":["GET"]}}],"collection":[{"href":"https:\/\/www.solar-ticino.com\/de\/wp-json\/wp\/v2\/pages"}],"about":[{"href":"https:\/\/www.solar-ticino.com\/de\/wp-json\/wp\/v2\/types\/page"}],"author":[{"embeddable":true,"href":"https:\/\/www.solar-ticino.com\/de\/wp-json\/wp\/v2\/users\/5"}],"replies":[{"embeddable":true,"href":"https:\/\/www.solar-ticino.com\/de\/wp-json\/wp\/v2\/comments?post=745"}],"version-history":[{"count":7,"href":"https:\/\/www.solar-ticino.com\/de\/wp-json\/wp\/v2\/pages\/745\/revisions"}],"predecessor-version":[{"id":1394,"href":"https:\/\/www.solar-ticino.com\/de\/wp-json\/wp\/v2\/pages\/745\/revisions\/1394"}],"up":[{"embeddable":true,"href":"https:\/\/www.solar-ticino.com\/de\/wp-json\/wp\/v2\/pages\/715"}],"wp:attachment":[{"href":"https:\/\/www.solar-ticino.com\/de\/wp-json\/wp\/v2\/media?parent=745"}],"curies":[{"name":"wp","href":"https:\/\/api.w.org\/{rel}","templated":true}]}}